{"id":2385,"date":"2023-10-27T18:43:36","date_gmt":"2023-10-27T16:43:36","guid":{"rendered":"https:\/\/capitale.pe\/webcapitale\/?page_id=2385"},"modified":"2023-11-01T21:30:13","modified_gmt":"2023-11-01T20:30:13","slug":"bienestar-corporativo-equipos-comprometido","status":"publish","type":"page","link":"https:\/\/capitale.pe\/webcapitale\/bienestar-corporativo-equipos-comprometido\/","title":{"rendered":"Bienestar Corporativo, Equipo Comprometido"},"content":{"rendered":"\t\t<div data-elementor-type=\"wp-page\" data-elementor-id=\"2385\" class=\"elementor elementor-2385\">\n\t\t\t\t\t\t<section class=\"elementor-section elementor-top-section elementor-element elementor-element-87c9588 elementor-section-boxed elementor-section-height-default elementor-section-height-default\" data-id=\"87c9588\" data-element_type=\"section\" data-e-type=\"section\">\n\t\t\t\t\t\t<div class=\"elementor-container elementor-column-gap-default\">\n\t\t\t\t\t<div class=\"elementor-column elementor-col-100 elementor-top-column elementor-element elementor-element-7ee3ba8\" data-id=\"7ee3ba8\" data-element_type=\"column\" data-e-type=\"column\">\n\t\t\t<div class=\"elementor-widget-wrap elementor-element-populated\">\n\t\t\t\t\t\t<div class=\"elementor-element elementor-element-b567299 elementor-widget elementor-widget-heading\" data-id=\"b567299\" data-element_type=\"widget\" data-e-type=\"widget\" data-widget_type=\"heading.default\">\n\t\t\t\t<div class=\"elementor-widget-container\">\n\t\t\t\t\t<h3 class=\"elementor-heading-title elementor-size-default\">Nuevos servicios<\/h3>\t\t\t\t<\/div>\n\t\t\t\t<\/div>\n\t\t\t\t<div class=\"elementor-element elementor-element-c1f11c5 titSerCenter elementor-widget elementor-widget-heading\" data-id=\"c1f11c5\" data-element_type=\"widget\" data-e-type=\"widget\" data-widget_type=\"heading.default\">\n\t\t\t\t<div class=\"elementor-widget-container\">\n\t\t\t\t\t<h2 class=\"elementor-heading-title elementor-size-default\">Programas de Bienestar Corporativo<\/h2>\t\t\t\t<\/div>\n\t\t\t\t<\/div>\n\t\t\t\t<section class=\"elementor-section elementor-inner-section elementor-element elementor-element-8bc4505 elementor-section-boxed elementor-section-height-default elementor-section-height-default\" data-id=\"8bc4505\" data-element_type=\"section\" data-e-type=\"section\">\n\t\t\t\t\t\t<div class=\"elementor-container elementor-column-gap-default\">\n\t\t\t\t\t<div class=\"elementor-column elementor-col-50 elementor-inner-column elementor-element elementor-element-fe63b5e\" data-id=\"fe63b5e\" data-element_type=\"column\" data-e-type=\"column\">\n\t\t\t<div class=\"elementor-widget-wrap elementor-element-populated\">\n\t\t\t\t\t\t<div class=\"elementor-element elementor-element-ba4d8bb elementor-widget elementor-widget-image\" data-id=\"ba4d8bb\" data-element_type=\"widget\" data-e-type=\"widget\" data-widget_type=\"image.default\">\n\t\t\t\t<div class=\"elementor-widget-container\">\n\t\t\t\t\t\t\t\t\t\t\t\t\t\t\t<img fetchpriority=\"high\" decoding=\"async\" width=\"385\" height=\"361\" src=\"https:\/\/capitale.pe\/webcapitale\/wp-content\/uploads\/2023\/10\/ico-emo.png\" class=\"attachment-full size-full wp-image-2466\" alt=\"\" srcset=\"https:\/\/capitale.pe\/webcapitale\/wp-content\/uploads\/2023\/10\/ico-emo.png 385w, https:\/\/capitale.pe\/webcapitale\/wp-content\/uploads\/2023\/10\/ico-emo-300x281.png 300w\" sizes=\"(max-width: 385px) 100vw, 385px\" \/>\t\t\t\t\t\t\t\t\t\t\t\t\t\t\t<\/div>\n\t\t\t\t<\/div>\n\t\t\t\t<div class=\"elementor-element elementor-element-4ae018b elementor-widget elementor-widget-heading\" data-id=\"4ae018b\" data-element_type=\"widget\" data-e-type=\"widget\" data-widget_type=\"heading.default\">\n\t\t\t\t<div class=\"elementor-widget-container\">\n\t\t\t\t\t<h3 class=\"elementor-heading-title elementor-size-default\">Soporte Emocional: Terapias Psicol\u00f3gicas Individuales y Grupales<\/h3>\t\t\t\t<\/div>\n\t\t\t\t<\/div>\n\t\t\t\t<div class=\"elementor-element elementor-element-44aaa6d elementor-widget elementor-widget-text-editor\" data-id=\"44aaa6d\" data-element_type=\"widget\" data-e-type=\"widget\" data-widget_type=\"text-editor.default\">\n\t\t\t\t<div class=\"elementor-widget-container\">\n\t\t\t\t\t\t\t\t\tBrindamos apoyo psicoterap\u00e9utico a colaborades que necesiten lograr estabilidad emocional debido a problemas personales o familiares. Esto repercutir\u00e1 positivamente en el compromiso con la empresa y la productividad en su gesti\u00f3n. Estas terapias pueden ser presenciales o virtuales.\t\t\t\t\t\t\t\t<\/div>\n\t\t\t\t<\/div>\n\t\t\t\t\t<\/div>\n\t\t<\/div>\n\t\t\t\t<div class=\"elementor-column elementor-col-50 elementor-inner-column elementor-element elementor-element-a426de5\" data-id=\"a426de5\" data-element_type=\"column\" data-e-type=\"column\">\n\t\t\t<div class=\"elementor-widget-wrap elementor-element-populated\">\n\t\t\t\t\t\t<div class=\"elementor-element elementor-element-16470cd elementor-widget elementor-widget-image\" data-id=\"16470cd\" data-element_type=\"widget\" data-e-type=\"widget\" data-widget_type=\"image.default\">\n\t\t\t\t<div class=\"elementor-widget-container\">\n\t\t\t\t\t\t\t\t\t\t\t\t\t\t\t<img decoding=\"async\" width=\"1024\" height=\"778\" src=\"https:\/\/capitale.pe\/webcapitale\/wp-content\/uploads\/2020\/06\/paper-3309829_1920-1024x778.jpg\" class=\"attachment-large size-large wp-image-757\" alt=\"\" srcset=\"https:\/\/capitale.pe\/webcapitale\/wp-content\/uploads\/2020\/06\/paper-3309829_1920-1024x778.jpg 1024w, https:\/\/capitale.pe\/webcapitale\/wp-content\/uploads\/2020\/06\/paper-3309829_1920-600x456.jpg 600w, https:\/\/capitale.pe\/webcapitale\/wp-content\/uploads\/2020\/06\/paper-3309829_1920-300x228.jpg 300w, https:\/\/capitale.pe\/webcapitale\/wp-content\/uploads\/2020\/06\/paper-3309829_1920-768x584.jpg 768w, https:\/\/capitale.pe\/webcapitale\/wp-content\/uploads\/2020\/06\/paper-3309829_1920-1421x1080.jpg 1421w, https:\/\/capitale.pe\/webcapitale\/wp-content\/uploads\/2020\/06\/paper-3309829_1920.jpg 1920w\" sizes=\"(max-width: 1024px) 100vw, 1024px\" \/>\t\t\t\t\t\t\t\t\t\t\t\t\t\t\t<\/div>\n\t\t\t\t<\/div>\n\t\t\t\t\t<\/div>\n\t\t<\/div>\n\t\t\t\t\t<\/div>\n\t\t<\/section>\n\t\t\t\t<div class=\"elementor-element elementor-element-2a7d39b elementor-widget-divider--view-line elementor-widget elementor-widget-divider\" data-id=\"2a7d39b\" data-element_type=\"widget\" data-e-type=\"widget\" data-widget_type=\"divider.default\">\n\t\t\t\t<div class=\"elementor-widget-container\">\n\t\t\t\t\t\t\t<div class=\"elementor-divider\">\n\t\t\t<span class=\"elementor-divider-separator\">\n\t\t\t\t\t\t<\/span>\n\t\t<\/div>\n\t\t\t\t\t\t<\/div>\n\t\t\t\t<\/div>\n\t\t\t\t<section class=\"elementor-section elementor-inner-section elementor-element elementor-element-bf25e14 elementor-section-boxed elementor-section-height-default elementor-section-height-default\" data-id=\"bf25e14\" data-element_type=\"section\" data-e-type=\"section\">\n\t\t\t\t\t\t<div class=\"elementor-container elementor-column-gap-default\">\n\t\t\t\t\t<div class=\"elementor-column elementor-col-50 elementor-inner-column elementor-element elementor-element-e67728f\" data-id=\"e67728f\" data-element_type=\"column\" data-e-type=\"column\">\n\t\t\t<div class=\"elementor-widget-wrap elementor-element-populated\">\n\t\t\t\t\t\t<div class=\"elementor-element elementor-element-734c732 elementor-widget elementor-widget-image\" data-id=\"734c732\" data-element_type=\"widget\" data-e-type=\"widget\" data-widget_type=\"image.default\">\n\t\t\t\t<div class=\"elementor-widget-container\">\n\t\t\t\t\t\t\t\t\t\t\t\t\t\t\t<img decoding=\"async\" width=\"1024\" height=\"683\" src=\"https:\/\/capitale.pe\/webcapitale\/wp-content\/uploads\/2020\/06\/excited-3126449_1920-1024x683.jpg\" class=\"attachment-large size-large wp-image-754\" alt=\"\" srcset=\"https:\/\/capitale.pe\/webcapitale\/wp-content\/uploads\/2020\/06\/excited-3126449_1920-1024x683.jpg 1024w, https:\/\/capitale.pe\/webcapitale\/wp-content\/uploads\/2020\/06\/excited-3126449_1920-600x400.jpg 600w, https:\/\/capitale.pe\/webcapitale\/wp-content\/uploads\/2020\/06\/excited-3126449_1920-300x200.jpg 300w, https:\/\/capitale.pe\/webcapitale\/wp-content\/uploads\/2020\/06\/excited-3126449_1920-768x512.jpg 768w, https:\/\/capitale.pe\/webcapitale\/wp-content\/uploads\/2020\/06\/excited-3126449_1920-1619x1080.jpg 1619w, https:\/\/capitale.pe\/webcapitale\/wp-content\/uploads\/2020\/06\/excited-3126449_1920.jpg 1920w\" sizes=\"(max-width: 1024px) 100vw, 1024px\" \/>\t\t\t\t\t\t\t\t\t\t\t\t\t\t\t<\/div>\n\t\t\t\t<\/div>\n\t\t\t\t\t<\/div>\n\t\t<\/div>\n\t\t\t\t<div class=\"elementor-column elementor-col-50 elementor-inner-column elementor-element elementor-element-7a86a71\" data-id=\"7a86a71\" data-element_type=\"column\" data-e-type=\"column\">\n\t\t\t<div class=\"elementor-widget-wrap elementor-element-populated\">\n\t\t\t\t\t\t<div class=\"elementor-element elementor-element-9e341b5 elementor-widget elementor-widget-image\" data-id=\"9e341b5\" data-element_type=\"widget\" data-e-type=\"widget\" data-widget_type=\"image.default\">\n\t\t\t\t<div class=\"elementor-widget-container\">\n\t\t\t\t\t\t\t\t\t\t\t\t\t\t\t<img loading=\"lazy\" decoding=\"async\" width=\"385\" height=\"385\" src=\"https:\/\/capitale.pe\/webcapitale\/wp-content\/uploads\/2023\/10\/ico-hab.png\" class=\"attachment-full size-full wp-image-2490\" alt=\"\" srcset=\"https:\/\/capitale.pe\/webcapitale\/wp-content\/uploads\/2023\/10\/ico-hab.png 385w, https:\/\/capitale.pe\/webcapitale\/wp-content\/uploads\/2023\/10\/ico-hab-300x300.png 300w, https:\/\/capitale.pe\/webcapitale\/wp-content\/uploads\/2023\/10\/ico-hab-150x150.png 150w, https:\/\/capitale.pe\/webcapitale\/wp-content\/uploads\/2023\/10\/ico-hab-100x100.png 100w\" sizes=\"(max-width: 385px) 100vw, 385px\" \/>\t\t\t\t\t\t\t\t\t\t\t\t\t\t\t<\/div>\n\t\t\t\t<\/div>\n\t\t\t\t<div class=\"elementor-element elementor-element-3ffca5c elementor-widget elementor-widget-heading\" data-id=\"3ffca5c\" data-element_type=\"widget\" data-e-type=\"widget\" data-widget_type=\"heading.default\">\n\t\t\t\t<div class=\"elementor-widget-container\">\n\t\t\t\t\t<h3 class=\"elementor-heading-title elementor-size-default\">Desarrollo de Habilidades Emocionales<\/h3>\t\t\t\t<\/div>\n\t\t\t\t<\/div>\n\t\t\t\t<div class=\"elementor-element elementor-element-a536956 elementor-widget elementor-widget-text-editor\" data-id=\"a536956\" data-element_type=\"widget\" data-e-type=\"widget\" data-widget_type=\"text-editor.default\">\n\t\t\t\t<div class=\"elementor-widget-container\">\n\t\t\t\t\t\t\t\t\tFomentamos el desarrollo de habilidades como la inteligencia emocional, resilencia, autocompasi\u00f3n para superar la ansiedad, estr\u00e9s o depresiones a trav\u00e9s de talleres presenciales o virtuales. Esto puede darse a nivel individual o en equipos.\t\t\t\t\t\t\t\t<\/div>\n\t\t\t\t<\/div>\n\t\t\t\t\t<\/div>\n\t\t<\/div>\n\t\t\t\t\t<\/div>\n\t\t<\/section>\n\t\t\t\t<div class=\"elementor-element elementor-element-9bc40ac elementor-widget-divider--view-line elementor-widget elementor-widget-divider\" data-id=\"9bc40ac\" data-element_type=\"widget\" data-e-type=\"widget\" data-widget_type=\"divider.default\">\n\t\t\t\t<div class=\"elementor-widget-container\">\n\t\t\t\t\t\t\t<div class=\"elementor-divider\">\n\t\t\t<span class=\"elementor-divider-separator\">\n\t\t\t\t\t\t<\/span>\n\t\t<\/div>\n\t\t\t\t\t\t<\/div>\n\t\t\t\t<\/div>\n\t\t\t\t<section class=\"elementor-section elementor-inner-section elementor-element elementor-element-9b1e1f1 elementor-section-boxed elementor-section-height-default elementor-section-height-default\" data-id=\"9b1e1f1\" data-element_type=\"section\" data-e-type=\"section\">\n\t\t\t\t\t\t<div class=\"elementor-container elementor-column-gap-default\">\n\t\t\t\t\t<div class=\"elementor-column elementor-col-50 elementor-inner-column elementor-element elementor-element-c71af3f\" data-id=\"c71af3f\" data-element_type=\"column\" data-e-type=\"column\">\n\t\t\t<div class=\"elementor-widget-wrap elementor-element-populated\">\n\t\t\t\t\t\t<div class=\"elementor-element elementor-element-96589a8 elementor-widget elementor-widget-image\" data-id=\"96589a8\" data-element_type=\"widget\" data-e-type=\"widget\" data-widget_type=\"image.default\">\n\t\t\t\t<div class=\"elementor-widget-container\">\n\t\t\t\t\t\t\t\t\t\t\t\t\t\t\t<img loading=\"lazy\" decoding=\"async\" width=\"372\" height=\"372\" src=\"https:\/\/capitale.pe\/webcapitale\/wp-content\/uploads\/2023\/10\/ico-gest.png\" class=\"attachment-full size-full wp-image-2489\" alt=\"\" srcset=\"https:\/\/capitale.pe\/webcapitale\/wp-content\/uploads\/2023\/10\/ico-gest.png 372w, https:\/\/capitale.pe\/webcapitale\/wp-content\/uploads\/2023\/10\/ico-gest-300x300.png 300w, https:\/\/capitale.pe\/webcapitale\/wp-content\/uploads\/2023\/10\/ico-gest-150x150.png 150w, https:\/\/capitale.pe\/webcapitale\/wp-content\/uploads\/2023\/10\/ico-gest-100x100.png 100w\" sizes=\"(max-width: 372px) 100vw, 372px\" \/>\t\t\t\t\t\t\t\t\t\t\t\t\t\t\t<\/div>\n\t\t\t\t<\/div>\n\t\t\t\t<div class=\"elementor-element elementor-element-19ddfb3 elementor-widget elementor-widget-heading\" data-id=\"19ddfb3\" data-element_type=\"widget\" data-e-type=\"widget\" data-widget_type=\"heading.default\">\n\t\t\t\t<div class=\"elementor-widget-container\">\n\t\t\t\t\t<h3 class=\"elementor-heading-title elementor-size-default\">Gesti\u00f3n de Riesgos Psicosociales<\/h3>\t\t\t\t<\/div>\n\t\t\t\t<\/div>\n\t\t\t\t<div class=\"elementor-element elementor-element-4e4cdd4 elementor-widget elementor-widget-text-editor\" data-id=\"4e4cdd4\" data-element_type=\"widget\" data-e-type=\"widget\" data-widget_type=\"text-editor.default\">\n\t\t\t\t<div class=\"elementor-widget-container\">\n\t\t\t\t\t\t\t\t\tAnalizamos los riesgos psicosociales dentro de la empresa, identificando segmentos con mayor nivel de afectaci\u00f3n por estr\u00e9s, depresi\u00f3n o ansiedad, para proponer programas de salud mental que ayuden a tener organizaciones saludables.\t\t\t\t\t\t\t\t<\/div>\n\t\t\t\t<\/div>\n\t\t\t\t\t<\/div>\n\t\t<\/div>\n\t\t\t\t<div class=\"elementor-column elementor-col-50 elementor-inner-column elementor-element elementor-element-9b58380\" data-id=\"9b58380\" data-element_type=\"column\" data-e-type=\"column\">\n\t\t\t<div class=\"elementor-widget-wrap elementor-element-populated\">\n\t\t\t\t\t\t<div class=\"elementor-element elementor-element-4868972 elementor-widget elementor-widget-image\" data-id=\"4868972\" data-element_type=\"widget\" data-e-type=\"widget\" data-widget_type=\"image.default\">\n\t\t\t\t<div class=\"elementor-widget-container\">\n\t\t\t\t\t\t\t\t\t\t\t\t\t\t\t<img loading=\"lazy\" decoding=\"async\" width=\"1024\" height=\"681\" src=\"https:\/\/capitale.pe\/webcapitale\/wp-content\/uploads\/2020\/06\/people-1492052_1920-1024x681.jpg\" class=\"attachment-large size-large wp-image-750\" alt=\"\" srcset=\"https:\/\/capitale.pe\/webcapitale\/wp-content\/uploads\/2020\/06\/people-1492052_1920-1024x681.jpg 1024w, https:\/\/capitale.pe\/webcapitale\/wp-content\/uploads\/2020\/06\/people-1492052_1920-600x399.jpg 600w, https:\/\/capitale.pe\/webcapitale\/wp-content\/uploads\/2020\/06\/people-1492052_1920-300x200.jpg 300w, https:\/\/capitale.pe\/webcapitale\/wp-content\/uploads\/2020\/06\/people-1492052_1920-768x511.jpg 768w, https:\/\/capitale.pe\/webcapitale\/wp-content\/uploads\/2020\/06\/people-1492052_1920-1624x1080.jpg 1624w, https:\/\/capitale.pe\/webcapitale\/wp-content\/uploads\/2020\/06\/people-1492052_1920.jpg 1920w\" sizes=\"(max-width: 1024px) 100vw, 1024px\" \/>\t\t\t\t\t\t\t\t\t\t\t\t\t\t\t<\/div>\n\t\t\t\t<\/div>\n\t\t\t\t\t<\/div>\n\t\t<\/div>\n\t\t\t\t\t<\/div>\n\t\t<\/section>\n\t\t\t\t\t<\/div>\n\t\t<\/div>\n\t\t\t\t\t<\/div>\n\t\t<\/section>\n\t\t\t\t<\/div>\n\t\t","protected":false},"excerpt":{"rendered":"<p>Nuevos servicios Programas de Bienestar Corporativo Soporte Emocional: Terapias Psicol\u00f3gicas Individuales y Grupales Brindamos apoyo psicoterap\u00e9utico a colaborades que necesiten lograr estabilidad emocional debido a problemas personales o familiares. Esto repercutir\u00e1 positivamente en el compromiso con la empresa y la productividad en su gesti\u00f3n. Estas terapias pueden ser presenciales o virtuales. Desarrollo de Habilidades Emocionales&hellip; <br \/> <a class=\"read-more\" href=\"https:\/\/capitale.pe\/webcapitale\/bienestar-corporativo-equipos-comprometido\/\">Leer m\u00e1s<\/a><\/p>\n","protected":false},"author":1,"featured_media":2391,"parent":0,"menu_order":0,"comment_status":"closed","ping_status":"closed","template":"elementor_header_footer","meta":{"_exactmetrics_skip_tracking":false,"_exactmetrics_sitenote_active":false,"_exactmetrics_sitenote_note":"","_exactmetrics_sitenote_category":0,"courseId":0,"footnotes":""},"class_list":["post-2385","page","type-page","status-publish","has-post-thumbnail","hentry"],"_links":{"self":[{"href":"https:\/\/capitale.pe\/webcapitale\/wp-json\/wp\/v2\/pages\/2385","targetHints":{"allow":["GET"]}}],"collection":[{"href":"https:\/\/capitale.pe\/webcapitale\/wp-json\/wp\/v2\/pages"}],"about":[{"href":"https:\/\/capitale.pe\/webcapitale\/wp-json\/wp\/v2\/types\/page"}],"author":[{"embeddable":true,"href":"https:\/\/capitale.pe\/webcapitale\/wp-json\/wp\/v2\/users\/1"}],"replies":[{"embeddable":true,"href":"https:\/\/capitale.pe\/webcapitale\/wp-json\/wp\/v2\/comments?post=2385"}],"version-history":[{"count":100,"href":"https:\/\/capitale.pe\/webcapitale\/wp-json\/wp\/v2\/pages\/2385\/revisions"}],"predecessor-version":[{"id":2518,"href":"https:\/\/capitale.pe\/webcapitale\/wp-json\/wp\/v2\/pages\/2385\/revisions\/2518"}],"wp:featuredmedia":[{"embeddable":true,"href":"https:\/\/capitale.pe\/webcapitale\/wp-json\/wp\/v2\/media\/2391"}],"wp:attachment":[{"href":"https:\/\/capitale.pe\/webcapitale\/wp-json\/wp\/v2\/media?parent=2385"}],"curies":[{"name":"wp","href":"https:\/\/api.w.org\/{rel}","templated":true}]}}